{"id":5396,"date":"2023-09-29T13:20:47","date_gmt":"2023-09-29T11:20:47","guid":{"rendered":"https:\/\/2024.electionseuropeennes.eu\/chypre\/"},"modified":"2024-06-25T12:31:08","modified_gmt":"2024-06-25T10:31:08","slug":"cyprus","status":"publish","type":"page","link":"https:\/\/www.electionseuropeennes.eu\/en\/cyprus\/","title":{"rendered":"Cyprus"},"content":{"rendered":"<section class=\"wpb-content-wrapper\"><p>[vc_row css=&#8221;.vc_custom_1696150543952{margin-top: 20px !important;margin-bottom: 50px !important;}&#8221;][vc_column][vc_column_text]<\/p>\n<h1>Cyprus<\/h1>\n<p>[\/vc_column_text][vc_column_text]<\/p>\n<h2>Results of the 2024 European elections<\/h2>\n<p><span style=\"font-size: 16px;\">\n<table id=\"tablepress-222\" class=\"tablepress tablepress-id-222\">\n<thead>\n<tr class=\"row-1\">\n\t<th class=\"column-1\">Political Party<\/th><th class=\"column-2\">European affiliation<\/th><th class=\"column-3\">Number of votes<\/th><th class=\"column-4\">Percentage of votes<\/th><th class=\"column-5\">Number of seats<\/th><th class=\"column-6\">Trend compared to 2019<\/th>\n<\/tr>\n<\/thead>\n<tbody class=\"row-striping row-hover\">\n<tr class=\"row-2\">\n\t<td class=\"column-1\">Dimokratik\u00f3s Sinagerm\u00f3s (DISY)<\/td><td class=\"column-2\">EPP<\/td><td class=\"column-3\">91 316<\/td><td class=\"column-4\">24,78 %<\/td><td class=\"column-5\">2<\/td><td class=\"column-6\">=<\/td>\n<\/tr>\n<tr class=\"row-3\">\n\t<td class=\"column-1\">Anorthotik\u00f3 K\u00f3mma Ergaz\u00f3menou Lao\u00fa (AKEL)<\/td><td class=\"column-2\">GUE\/NGL<\/td><td class=\"column-3\">79 163<\/td><td class=\"column-4\">21,49 %<\/td><td class=\"column-5\">1<\/td><td class=\"column-6\">\u2193 1<\/td>\n<\/tr>\n<tr class=\"row-4\">\n\t<td class=\"column-1\">Fidias Panayiotou<\/td><td class=\"column-2\">NI<\/td><td class=\"column-3\">71 330<\/td><td class=\"column-4\">19,36 %<\/td><td class=\"column-5\">1<\/td><td class=\"column-6\">Newcomer<\/td>\n<\/tr>\n<tr class=\"row-5\">\n\t<td class=\"column-1\">Ethnik\u00f3 Laik\u00f3 M\u00e9topo (ELAM)<\/td><td class=\"column-2\">NI<\/td><td class=\"column-3\">41 215<\/td><td class=\"column-4\">11,19 %<\/td><td class=\"column-5\">1<\/td><td class=\"column-6\">Newcomer<\/td>\n<\/tr>\n<tr class=\"row-6\">\n\t<td class=\"column-1\">Dimokratik\u00f3 K\u00f3mma (DIKO)<\/td><td class=\"column-2\">S&amp;D<\/td><td class=\"column-3\">35 815<\/td><td class=\"column-4\">9,72 %<\/td><td class=\"column-5\">1<\/td><td class=\"column-6\">=<\/td>\n<\/tr>\n<\/tbody>\n<\/table>\n<!-- #tablepress-222 from cache --><\/span><\/p>\n<p>&nbsp;<\/p>\n<h2>List of Cypriot MEPs<\/h2>\n<div id=\"tablepress-163_wrapper\" class=\"dataTables_wrapper no-footer\">\n<table id=\"tablepress-278\" class=\"tablepress tablepress-id-278\">\n<thead>\n<tr class=\"row-1\">\n\t<th class=\"column-1\">MEP<\/th><th class=\"column-2\">Gender<\/th><th class=\"column-3\">National party<\/th><th class=\"column-4\">Political group in the European Parliament<\/th>\n<\/tr>\n<\/thead>\n<tbody class=\"row-striping row-hover\">\n<tr class=\"row-2\">\n\t<td class=\"column-1\">Fidias Panayiotou<\/td><td class=\"column-2\">m<\/td><td class=\"column-3\">Ind\u00e9pendant<\/td><td class=\"column-4\">NI<\/td>\n<\/tr>\n<tr class=\"row-3\">\n\t<td class=\"column-1\">Louk\u00e1s Fourl\u00e1s<\/td><td class=\"column-2\">m<\/td><td class=\"column-3\">Dimokratik\u00f3s Sinagerm\u00f3s (DISY)<\/td><td class=\"column-4\">EPP<\/td>\n<\/tr>\n<tr class=\"row-4\">\n\t<td class=\"column-1\">Michalis Hatzipantela<\/td><td class=\"column-2\">m<\/td><td class=\"column-3\">DISY<\/td><td class=\"column-4\">EPP<\/td>\n<\/tr>\n<tr class=\"row-5\">\n\t<td class=\"column-1\">Giorgos Georgiou<\/td><td class=\"column-2\">m<\/td><td class=\"column-3\">Anorthotik\u00f3 K\u00f3mma Ergaz\u00f3menou Lao\u00fa (AKEL)<\/td><td class=\"column-4\">GUE\/NGL<\/td>\n<\/tr>\n<tr class=\"row-6\">\n\t<td class=\"column-1\">K\u00f3stas Mavr\u00eddis<\/td><td class=\"column-2\">m<\/td><td class=\"column-3\">Dimokratik\u00f3 K\u00f3mma (DIKO)<\/td><td class=\"column-4\">S&amp;D<\/td>\n<\/tr>\n<tr class=\"row-7\">\n\t<td class=\"column-1\">Geadis Geadi<\/td><td class=\"column-2\">m<\/td><td class=\"column-3\">Ethnik\u00f3 Laik\u00f3 M\u00e9topo (ELAM)<\/td><td class=\"column-4\">ECR<\/td>\n<\/tr>\n<\/tbody>\n<\/table>\n<!-- #tablepress-278 from cache --><\/div>\n<p>&nbsp;<\/p>\n<h2>Results of the 2019 European elections<\/h2>\n<p><span style=\"font-size: 16px;\">\n<table id=\"tablepress-41\" class=\"tablepress tablepress-id-41\">\n<thead>\n<tr class=\"row-1\">\n\t<th class=\"column-1\">Partis politiques<\/th><th class=\"column-2\">Affiliation politique europ\u00e9enne<\/th><th class=\"column-3\">Nombre de voix<\/th><th class=\"column-4\">Pourcentage de voix<\/th><th class=\"column-5\">Nombre de si\u00e8ges<\/th><th class=\"column-6\">Tendance par rapport \u00e0 2014<\/th>\n<\/tr>\n<\/thead>\n<tbody class=\"row-striping row-hover\">\n<tr class=\"row-2\">\n\t<td class=\"column-1\">Rassemblement d\u00e9mocrate (DISY)<\/td><td class=\"column-2\">PPE<\/td><td class=\"column-3\">81 539<\/td><td class=\"column-4\">29,02 %<\/td><td class=\"column-5\">2<\/td><td class=\"column-6\">\u2193<\/td>\n<\/tr>\n<tr class=\"row-3\">\n\t<td class=\"column-1\">Parti progressiste des travailleurs (AKEL)<\/td><td class=\"column-2\">GUE\/NGL<\/td><td class=\"column-3\">77 241<\/td><td class=\"column-4\">27,49 %<\/td><td class=\"column-5\">2<\/td><td class=\"column-6\">\u2191<\/td>\n<\/tr>\n<tr class=\"row-4\">\n\t<td class=\"column-1\">Parti d\u00e9mocratique (DIKO)<\/td><td class=\"column-2\">S&amp;D<\/td><td class=\"column-3\">38 756<\/td><td class=\"column-4\">13,08 %<\/td><td class=\"column-5\">1<\/td><td class=\"column-6\">\u2191<\/td>\n<\/tr>\n<tr class=\"row-5\">\n\t<td class=\"column-1\">Mouvement social-d\u00e9mocrate (EDEK)<\/td><td class=\"column-2\">S&amp;D<\/td><td class=\"column-3\">29 715<\/td><td class=\"column-4\">10,58 %<\/td><td class=\"column-5\">1<\/td><td class=\"column-6\">\u2191<\/td>\n<\/tr>\n<\/tbody>\n<\/table>\n<!-- #tablepress-41 from cache --><\/span><\/p>\n<p>&nbsp;<\/p>\n<div class=\"part\">\n<h2>Electoral Procedures for 2024<\/h2>\n<p><strong>Election Dates :<\/strong> 9 June 2024<br \/>\n<span style=\"color: #003399;\">&gt;<\/span> <strong>Number of MEPs :<\/strong>\u00a06<br \/>\n<span style=\"color: #003399;\">&gt;<\/span> <strong>At what age can one vote?<\/strong>\u00a018 years<br \/>\n<span style=\"color: #003399;\">&gt;<\/span> <strong>At what age can one be elected?<\/strong> 21 years<br \/>\n<span style=\"color: #003399;\">&gt;<\/span> <strong>Who can vote?<\/strong>\u00a0European citizens living in Cyprus.<\/p>\n<p>&nbsp;<\/p>\n<h2>Electoral rules<\/h2>\n<p><span style=\"color: #003399;\">&gt;<\/span>\u00a0<strong>Voting method :<\/strong>\u00a0Preferential vote<br \/>\n<span style=\"color: #003399;\">&gt;<\/span> <strong>Means for attributing seats :<\/strong>\u00a0D\u2019HareNiemeyer Method<br \/>\n<span style=\"color: #003399;\">&gt;<\/span> <strong>Can candidates be chosen from a list?<\/strong>\u00a0Yes<\/p>\n<p>&nbsp;<\/p>\n<div class=\"part\">\n<h2>Institutions and political situation<\/h2>\n<p>Independent presidential regime<br \/>\n\u2013\u00a0<strong>Head of State :<\/strong> Nicos Christodoulidis<\/p>\n<p>&nbsp;<\/p>\n<\/div>\n<div class=\"part\">\n<div class=\"part\">\n<h2>Economy<\/h2>\n<p><span style=\"color: #003399;\">&gt;<\/span> <strong>Currency<\/strong>: Euro<br \/>\n<span style=\"color: #003399;\">&gt;<\/span> <strong>GDP<\/strong> (provisional): \u20ac 27 006 million (2022)<br \/>\n<span style=\"color: #003399;\">&gt;<\/span> <strong>GDP per capita<\/strong> (PPS): \u20ac 29 590 (2022)<br \/>\n<span style=\"color: #003399;\">&gt;<\/span> <strong>GDP growth<\/strong>: -0.6% (March 2023)<br \/>\n<span style=\"color: #003399;\">&gt;<\/span>\u00a0<strong>Unemployment<\/strong>: 6.6% (September 2023)<br \/>\n<span style=\"color: #003399;\">&gt;<\/span> <strong>Inflation<\/strong>: 4% (September 2023)<br \/>\n<span style=\"color: #003399;\">&gt;<\/span> <strong>Public debt<\/strong>: 86.5% of GDP (December 2022)<\/p>\n<p>&nbsp;<\/p>\n<\/div>\n<div class=\"part\">\n<div class=\"part\">\n<h2>Geography and population<\/h2>\n<p>\u2013\u00a0<strong>Surface Area :<\/strong>\u00a09250 km\u00b2 (source : The CIA World Factbook)<br \/>\n\u2013 1.3 million inhabitants (est. 2023)<\/p>\n<p>&nbsp;<\/p>\n<\/div>\n<\/div>\n<\/div>\n<\/div>\n<div class=\"part\">\n<h2>Printable version<\/h2>\n<figure id=\"attachment_7767\" aria-describedby=\"caption-attachment-7767\" style=\"width: 219px\" class=\"wp-caption alignnone\"><a href=\"https:\/\/server.www.robert-schuman.eu\/storage\/en\/dossiers-pedagogiques\/connaitre-europe\/carte\/chypre.pdf\" target=\"_blank\" rel=\"noopener\"><img loading=\"lazy\" decoding=\"async\" class=\"wp-image-7767 size-medium\" src=\"https:\/\/www.electionseuropeennes.eu\/wp-content\/uploads\/2024\/06\/Cyprus-219x300.png\" alt=\"\" width=\"219\" height=\"300\" srcset=\"https:\/\/www.electionseuropeennes.eu\/wp-content\/uploads\/2024\/06\/Cyprus-219x300.png 219w, https:\/\/www.electionseuropeennes.eu\/wp-content\/uploads\/2024\/06\/Cyprus-748x1024.png 748w, https:\/\/www.electionseuropeennes.eu\/wp-content\/uploads\/2024\/06\/Cyprus-768x1051.png 768w, https:\/\/www.electionseuropeennes.eu\/wp-content\/uploads\/2024\/06\/Cyprus-69x95.png 69w, https:\/\/www.electionseuropeennes.eu\/wp-content\/uploads\/2024\/06\/Cyprus.png 1112w\" sizes=\"auto, (max-width: 219px) 100vw, 219px\" \/><\/a><figcaption id=\"caption-attachment-7767\" class=\"wp-caption-text\">Download PDF file<\/figcaption><\/figure>\n<\/div>\n<p>[\/vc_column_text][\/vc_column][\/vc_row]<\/p>\n<\/section>","protected":false},"excerpt":{"rendered":"<p>[vc_row css=&#8221;.vc_custom_1696150543952{margin-top: 20px !important;margin-bottom: 50px !important;}&#8221;][vc_column][vc_column_text] Cyprus [\/vc_column_text][vc_column_text] Results of the 2024 European elections &nbsp; List of Cypriot MEPs &nbsp; Results of the 2019 European elections &nbsp; Electoral Procedures for 2024 Election Dates : 9 June 2024 &gt; Number of MEPs :\u00a06 &gt; At what age can one vote?\u00a018 years &gt; At what age can [&hellip;]<\/p>\n","protected":false},"author":1,"featured_media":0,"parent":0,"menu_order":0,"comment_status":"closed","ping_status":"closed","template":"page-templates\/template-home.php","meta":{"_acf_changed":false,"footnotes":""},"class_list":["post-5396","page","type-page","status-publish","hentry"],"acf":[],"_links":{"self":[{"href":"https:\/\/www.electionseuropeennes.eu\/en\/wp-json\/wp\/v2\/pages\/5396","targetHints":{"allow":["GET"]}}],"collection":[{"href":"https:\/\/www.electionseuropeennes.eu\/en\/wp-json\/wp\/v2\/pages"}],"about":[{"href":"https:\/\/www.electionseuropeennes.eu\/en\/wp-json\/wp\/v2\/types\/page"}],"author":[{"embeddable":true,"href":"https:\/\/www.electionseuropeennes.eu\/en\/wp-json\/wp\/v2\/users\/1"}],"replies":[{"embeddable":true,"href":"https:\/\/www.electionseuropeennes.eu\/en\/wp-json\/wp\/v2\/comments?post=5396"}],"version-history":[{"count":11,"href":"https:\/\/www.electionseuropeennes.eu\/en\/wp-json\/wp\/v2\/pages\/5396\/revisions"}],"predecessor-version":[{"id":8048,"href":"https:\/\/www.electionseuropeennes.eu\/en\/wp-json\/wp\/v2\/pages\/5396\/revisions\/8048"}],"wp:attachment":[{"href":"https:\/\/www.electionseuropeennes.eu\/en\/wp-json\/wp\/v2\/media?parent=5396"}],"curies":[{"name":"wp","href":"https:\/\/api.w.org\/{rel}","templated":true}]}}