{"id":5446,"date":"2023-09-29T14:54:13","date_gmt":"2023-09-29T12:54:13","guid":{"rendered":"https:\/\/2024.electionseuropeennes.eu\/republique-tcheque\/"},"modified":"2024-06-25T12:32:03","modified_gmt":"2024-06-25T10:32:03","slug":"czech-republic","status":"publish","type":"page","link":"https:\/\/www.electionseuropeennes.eu\/en\/czech-republic\/","title":{"rendered":"Czech Republic"},"content":{"rendered":"<section class=\"wpb-content-wrapper\"><p>[vc_row css=&#8221;.vc_custom_1696150543952{margin-top: 20px !important;margin-bottom: 50px !important;}&#8221;][vc_column][vc_column_text]<\/p>\n<h1>Czech Republic<\/h1>\n<p>[\/vc_column_text][vc_column_text]<\/p>\n<h2>Results of the 2024 European elections<\/h2>\n<p><span style=\"font-size: 16px;\">\n<table id=\"tablepress-240\" class=\"tablepress tablepress-id-240\">\n<thead>\n<tr class=\"row-1\">\n\t<th class=\"column-1\">Political Party<\/th><th class=\"column-2\">European affiliation<\/th><th class=\"column-3\">Number of votes<\/th><th class=\"column-4\">Percentage of votes<\/th><th class=\"column-5\">Number of seats<\/th><th class=\"column-6\">Trend compared to 2019<\/th>\n<\/tr>\n<\/thead>\n<tbody class=\"row-striping row-hover\">\n<tr class=\"row-2\">\n\t<td class=\"column-1\">ANO 2011<\/td><td class=\"column-2\">Renew Europe<\/td><td class=\"column-3\">776 158<\/td><td class=\"column-4\">26.14%<\/td><td class=\"column-5\">7<\/td><td class=\"column-6\">\u2193 1<\/td>\n<\/tr>\n<tr class=\"row-3\">\n\t<td class=\"column-1\">SPOLU - Coalition SPOLU (Ob\u010dansk\u00e1 demokratick\u00e1 strana, K\u0159es\u0165ansk\u00e1 a demokratick\u00e1 unie \u2013 \u010ceskoslovensk\u00e1 strana lidov\u00e1, Tradice Odpov\u011bdnost Prosperita 09)<\/td><td class=\"column-2\">EPP \/ ECR<\/td><td class=\"column-3\">661 250<\/td><td class=\"column-4\">22.27%<\/td><td class=\"column-5\">3 \/ 3<\/td><td class=\"column-6\">Newcomer<\/td>\n<\/tr>\n<tr class=\"row-4\">\n\t<td class=\"column-1\">P\u0159\u00edsaha a Motorist\u00e9<\/td><td class=\"column-2\">NI<\/td><td class=\"column-3\">304 623<\/td><td class=\"column-4\">10.26%<\/td><td class=\"column-5\">2<\/td><td class=\"column-6\">Newcomer<\/td>\n<\/tr>\n<tr class=\"row-5\">\n\t<td class=\"column-1\">Sta\u010dilo! - Coalition Sta\u010dilo! (Komunistick\u00e1 strana \u010cech a Moravy, \u010cesk\u00e1 strana n\u00e1rodn\u011b soci\u00e1ln\u00ed, Spojen\u00ed demokrat\u00e9 \u2013 Sdru\u017een\u00ed nez\u00e1visl\u00fdch)<\/td><td class=\"column-2\">GUE\/NGL \/ NI<\/td><td class=\"column-3\">283 935<\/td><td class=\"column-4\">9.56%<\/td><td class=\"column-5\">1 \/ 1<\/td><td class=\"column-6\">Newcomer<\/td>\n<\/tr>\n<tr class=\"row-6\">\n\t<td class=\"column-1\">STAN - SLK - Coalition Starostov\u00e9 a osobnosti pro Evropu (Starostov\u00e9 a nez\u00e1visl\u00ed, Starostov\u00e9 pro Libereck\u00fd kraj)<\/td><td class=\"column-2\">EPP<\/td><td class=\"column-3\">258 431<\/td><td class=\"column-4\">8.7%<\/td><td class=\"column-5\">2<\/td><td class=\"column-6\">Newcomer<\/td>\n<\/tr>\n<tr class=\"row-7\">\n\t<td class=\"column-1\">Pir\u00e1ti - \u010cesk\u00e1 pir\u00e1tsk\u00e1 strana<\/td><td class=\"column-2\">Greens\/EFA<\/td><td class=\"column-3\">184 091<\/td><td class=\"column-4\">6.2%<\/td><td class=\"column-5\">1<\/td><td class=\"column-6\">\u2193 2<\/td>\n<\/tr>\n<tr class=\"row-8\">\n\t<td class=\"column-1\">SPD a Trikolora - Coalition SPD a Trikolora (Svoboda a p\u0159\u00edm\u00e1 demokracie, Trikol\u00f3ra hnut\u00ed ob\u010dan\u016f)<\/td><td class=\"column-2\">ID<\/td><td class=\"column-3\">170 172<\/td><td class=\"column-4\">5.73%<\/td><td class=\"column-5\">1<\/td><td class=\"column-6\">Newcomer<\/td>\n<\/tr>\n<\/tbody>\n<\/table>\n<!-- #tablepress-240 from cache --><\/span><\/p>\n<p>&nbsp;<\/p>\n<h2>List of Czech MEPs<\/h2>\n<div id=\"tablepress-137_wrapper\" class=\"dataTables_wrapper no-footer\">\n<div id=\"tablepress-174_wrapper\" class=\"dataTables_wrapper no-footer\">\n<table id=\"tablepress-296\" class=\"tablepress tablepress-id-296\">\n<thead>\n<tr class=\"row-1\">\n\t<th class=\"column-1\">MEP<\/th><th class=\"column-2\">Gender<\/th><th class=\"column-3\">National party<\/th><th class=\"column-4\">Political group in the European Parliament<\/th>\n<\/tr>\n<\/thead>\n<tbody class=\"row-striping row-hover\">\n<tr class=\"row-2\">\n\t<td class=\"column-1\">Kl\u00e1ra Dost\u00e1lov\u00e1<\/td><td class=\"column-2\">f<\/td><td class=\"column-3\">ANO 2011<\/td><td class=\"column-4\">PFE<\/td>\n<\/tr>\n<tr class=\"row-3\">\n\t<td class=\"column-1\">Jaroslava Pokorn\u00e1 Jermanov\u00e1<\/td><td class=\"column-2\">f<\/td><td class=\"column-3\">ANO 2011<\/td><td class=\"column-4\">PFE<\/td>\n<\/tr>\n<tr class=\"row-4\">\n\t<td class=\"column-1\">Jaroslav B\u017eoch<\/td><td class=\"column-2\">m<\/td><td class=\"column-3\">ANO 2011<\/td><td class=\"column-4\">PFE<\/td>\n<\/tr>\n<tr class=\"row-5\">\n\t<td class=\"column-1\">Jana Nagyov\u00e1<\/td><td class=\"column-2\">f<\/td><td class=\"column-3\">ANO 2011<\/td><td class=\"column-4\">PFE<\/td>\n<\/tr>\n<tr class=\"row-6\">\n\t<td class=\"column-1\">Tom\u00e1\u0161 Kub\u00edn<\/td><td class=\"column-2\">m<\/td><td class=\"column-3\">ANO 2011<\/td><td class=\"column-4\">PFE<\/td>\n<\/tr>\n<tr class=\"row-7\">\n\t<td class=\"column-1\">Ond\u0159ej Knotek<\/td><td class=\"column-2\">m<\/td><td class=\"column-3\">ANO 2011<\/td><td class=\"column-4\">PFE<\/td>\n<\/tr>\n<tr class=\"row-8\">\n\t<td class=\"column-1\">Ond\u0159ej Kova\u0159\u00edk<\/td><td class=\"column-2\">m<\/td><td class=\"column-3\">ANO 2011<\/td><td class=\"column-4\">PFE<\/td>\n<\/tr>\n<tr class=\"row-9\">\n\t<td class=\"column-1\">Alexandr Vondra<\/td><td class=\"column-2\">m<\/td><td class=\"column-3\">SPOLU Coalition SPOLU (Ob\u010dansk\u00e1 demokratick\u00e1 strana, K\u0159es\u0165ansk\u00e1 a demokratick\u00e1 unie \u2013 \u010ceskoslovensk\u00e1 strana lidov\u00e1, Tradice Odpov\u011bdnost Prosperita 09)<\/td><td class=\"column-4\">ECR<\/td>\n<\/tr>\n<tr class=\"row-10\">\n\t<td class=\"column-1\">Veronika Vrecionov\u00e1<\/td><td class=\"column-2\">f<\/td><td class=\"column-3\">SPOLU Coalition<\/td><td class=\"column-4\">ECR<\/td>\n<\/tr>\n<tr class=\"row-11\">\n\t<td class=\"column-1\">Ond\u0159ej Krut\u00edlek<\/td><td class=\"column-2\">m<\/td><td class=\"column-3\">SPOLU Coalition<\/td><td class=\"column-4\">ECR<\/td>\n<\/tr>\n<tr class=\"row-12\">\n\t<td class=\"column-1\">Lud\u011bk Niedermayer<\/td><td class=\"column-2\">m<\/td><td class=\"column-3\">SPOLU Coalition<\/td><td class=\"column-4\">PPE<\/td>\n<\/tr>\n<tr class=\"row-13\">\n\t<td class=\"column-1\">Ond\u0159ej Kol\u00e1\u0159<\/td><td class=\"column-2\">m<\/td><td class=\"column-3\">SPOLU Coalition<\/td><td class=\"column-4\">PPE<\/td>\n<\/tr>\n<tr class=\"row-14\">\n\t<td class=\"column-1\">Tom\u00e1\u0161 Zdechovsk\u00fd<\/td><td class=\"column-2\">m<\/td><td class=\"column-3\">SPOLU Coalition<\/td><td class=\"column-4\">PPE<\/td>\n<\/tr>\n<tr class=\"row-15\">\n\t<td class=\"column-1\">Filip Turek<\/td><td class=\"column-2\">m<\/td><td class=\"column-3\">P\u0159\u00edsaha a Motorist\u00e9<\/td><td class=\"column-4\">PFE<\/td>\n<\/tr>\n<tr class=\"row-16\">\n\t<td class=\"column-1\">Nikola Bart\u016f\u0161ek<\/td><td class=\"column-2\">f<\/td><td class=\"column-3\">P\u0159\u00edsaha a Motorist\u00e9<\/td><td class=\"column-4\">PFE<\/td>\n<\/tr>\n<tr class=\"row-17\">\n\t<td class=\"column-1\">Kate\u0159ina Kone\u010dn\u00e1<\/td><td class=\"column-2\">f<\/td><td class=\"column-3\">Sta\u010dilo!<\/td><td class=\"column-4\">GUE\/NGL<\/td>\n<\/tr>\n<tr class=\"row-18\">\n\t<td class=\"column-1\">Ond\u0159ej Dost\u00e1l<\/td><td class=\"column-2\">m<\/td><td class=\"column-3\">Sta\u010dilo!<\/td><td class=\"column-4\">N\/A<\/td>\n<\/tr>\n<tr class=\"row-19\">\n\t<td class=\"column-1\">Danu\u0161e Nerudov\u00e1<\/td><td class=\"column-2\">f<\/td><td class=\"column-3\">STAN - SLK<\/td><td class=\"column-4\">EPP<\/td>\n<\/tr>\n<tr class=\"row-20\">\n\t<td class=\"column-1\">Jan Farsk\u00fd<\/td><td class=\"column-2\">m<\/td><td class=\"column-3\">STAN - SLK<\/td><td class=\"column-4\">EPP<\/td>\n<\/tr>\n<tr class=\"row-21\">\n\t<td class=\"column-1\">Mark\u00e9ta Gregorov\u00e1<\/td><td class=\"column-2\">f<\/td><td class=\"column-3\">\u010cesk\u00e1 pir\u00e1tsk\u00e1 strana<\/td><td class=\"column-4\">Greens\/EFA<\/td>\n<\/tr>\n<tr class=\"row-22\">\n\t<td class=\"column-1\">Ivan David<\/td><td class=\"column-2\">m<\/td><td class=\"column-3\">SPD a Trikolora<\/td><td class=\"column-4\">ESN<\/td>\n<\/tr>\n<\/tbody>\n<\/table>\n<!-- #tablepress-296 from cache --><\/div>\n<div>\n<p>&nbsp;<\/p>\n<\/div>\n<\/div>\n<h2>Results of the 2019 European elections<\/h2>\n<p><span style=\"font-size: 16px;\">\n<table id=\"tablepress-63\" class=\"tablepress tablepress-id-63\">\n<thead>\n<tr class=\"row-1\">\n\t<th class=\"column-1\">Political Parties<\/th><th class=\"column-2\">European affiliation<\/th><th class=\"column-3\">Number of votes<\/th><th class=\"column-4\">Percentage of votes<\/th><th class=\"column-5\">Number of seats<\/th><th class=\"column-6\">Trend compared with 2014<\/th>\n<\/tr>\n<\/thead>\n<tbody class=\"row-striping row-hover\">\n<tr class=\"row-2\">\n\t<td class=\"column-1\">ANO 2011<\/td><td class=\"column-2\">Renew Europe<\/td><td class=\"column-3\">502 343<\/td><td class=\"column-4\">21.18%<\/td><td class=\"column-5\">6<\/td><td class=\"column-6\">\u2191<\/td>\n<\/tr>\n<tr class=\"row-3\">\n\t<td class=\"column-1\">Civic Democratic Party\t<\/td><td class=\"column-2\">ECR<\/td><td class=\"column-3\">344 885<\/td><td class=\"column-4\">14.54%<\/td><td class=\"column-5\">4<\/td><td class=\"column-6\">\u2191<\/td>\n<\/tr>\n<tr class=\"row-4\">\n\t<td class=\"column-1\">Pirate Party<\/td><td class=\"column-2\">Greens\/EFA<\/td><td class=\"column-3\">330 844<\/td><td class=\"column-4\">13.95%<\/td><td class=\"column-5\">3<\/td><td class=\"column-6\"><\/td>\n<\/tr>\n<tr class=\"row-5\">\n\t<td class=\"column-1\">TOP 09 &amp; STAN (Mayors and Independents)\t<\/td><td class=\"column-2\">EPP<\/td><td class=\"column-3\">276 220<\/td><td class=\"column-4\">11.65%<\/td><td class=\"column-5\">3<\/td><td class=\"column-6\"><\/td>\n<\/tr>\n<tr class=\"row-6\">\n\t<td class=\"column-1\">Freedom and Direct Democracy\t<\/td><td class=\"column-2\">Identity and Democracy<\/td><td class=\"column-3\">216 718\t<\/td><td class=\"column-4\">9.14%<\/td><td class=\"column-5\">2<\/td><td class=\"column-6\"><\/td>\n<\/tr>\n<tr class=\"row-7\">\n\t<td class=\"column-1\">Christian and Democratic Union \u2013 Czechoslovak People's Party\t<\/td><td class=\"column-2\">EPP<\/td><td class=\"column-3\">171 723<\/td><td class=\"column-4\">7.24%<\/td><td class=\"column-5\">2<\/td><td class=\"column-6\">\u2191<\/td>\n<\/tr>\n<tr class=\"row-8\">\n\t<td class=\"column-1\">Communist Party of Bohemia and Moravia\t<\/td><td class=\"column-2\">GUE\/NGL<\/td><td class=\"column-3\">164 624<\/td><td class=\"column-4\">6.94%<\/td><td class=\"column-5\">1<\/td><td class=\"column-6\">\u2193<\/td>\n<\/tr>\n<\/tbody>\n<\/table>\n<!-- #tablepress-63 from cache --><\/span><\/p>\n<p>&nbsp;<\/p>\n<div class=\"part\">\n<h2>Electoral Procedures for 2024<\/h2>\n<\/div>\n<div class=\"part\">\n<p><span style=\"color: #003399;\">&gt; <\/span><strong>Election Dates :<\/strong> 7 &amp; 8 June 2024<br \/>\n<span style=\"color: #003399;\">&gt;<\/span> <strong>Number of MEPs:<\/strong>\u00a021<br \/>\n<span style=\"color: #003399;\">&gt;<\/span> <strong>At what age can one vote?<\/strong>\u00a018 years<br \/>\n<span style=\"color: #003399;\">&gt;<\/span> <strong>At what age can one be elected?<\/strong>\u00a021 years<br \/>\n<span style=\"color: #003399;\">&gt;<\/span> <strong>Who can vote?<\/strong>\u00a0European citizens living in Czech Republic.<\/p>\n<p>&nbsp;<\/p>\n<\/div>\n<div class=\"part\">\n<div class=\"part\">\n<div class=\"part\">\n<h2>Electoral rules<\/h2>\n<p><span style=\"color: #003399;\">&gt; <\/span><strong>Voting method :<\/strong>\u00a0Preferential vote<br \/>\n<span style=\"color: #003399;\">&gt;<\/span>\u00a0<strong>Means for attributing seats :<\/strong>\u00a0D\u2019Hondt Method<br \/>\n<span style=\"color: #003399;\">&gt;<\/span> <strong>Can candidates be chosen from a list?<\/strong> Yes<\/p>\n<p>&nbsp;<\/p>\n<\/div>\n<\/div>\n<div class=\"part\">\n<h2>Institutions and political situation<\/h2>\n<p>Republic, parliamentary democracy (Constitution of December 16th\u00a01992)<\/p>\n<p>\u2013\u00a0<strong>Head of State<\/strong>: Petr Pavel<\/p>\n<p>\u2013\u00a0<strong>Head of Government<\/strong>: Petr Fiala<\/p>\n<p>&nbsp;<\/p>\n<\/div>\n<div class=\"part\">\n<h2>Economy<\/h2>\n<p><span style=\"color: #003399;\">&gt; <\/span><strong>Currency :<\/strong> Czech Crown (CZK) (exchange rate in October 2023: 1 \u20ac = 24.66 CZK)<br \/>\n<span style=\"color: #003399;\">&gt;<\/span> <strong>GDP :<\/strong> \u20ac 276.229 billion (2022)<br \/>\n<span style=\"color: #003399;\">&gt;<\/span> <strong>GDP per capita (PPS) :<\/strong> \u20ac 18.460 (2022)<br \/>\n<span style=\"color: #003399;\">&gt;<\/span> <strong>GDP Growth :<\/strong> 0.2% (2023)<br \/>\n<span style=\"color: #003399;\">&gt;<\/span> <strong>Unemployment:<\/strong> 3.6% (September 2023)<br \/>\n<span style=\"color: #003399;\">&gt;<\/span> <strong>Inflation :<\/strong> 6.9% (September 2023)<br \/>\n<span style=\"color: #003399;\">&gt;<\/span> <strong>Public Debt :<\/strong> 44.1% of GDP (T4 2022)<\/p>\n<p>&nbsp;<\/p>\n<\/div>\n<div class=\"part\">\n<h2>Geography and population<\/h2>\n<p><strong>Surface Area:<\/strong>\u00a078,867 km\u00b2<\/p>\n<p><strong>Population:<\/strong> 10.7 million inhabitants (est. 2023)<\/p>\n<p>&nbsp;<\/p>\n<\/div>\n<h2>Printable version<\/h2>\n<\/div>\n<div class=\"part\"><\/div>\n<figure id=\"attachment_7769\" aria-describedby=\"caption-attachment-7769\" style=\"width: 214px\" class=\"wp-caption alignnone\"><a href=\"https:\/\/server.www.robert-schuman.eu\/storage\/en\/dossiers-pedagogiques\/connaitre-europe\/carte\/rebublique-tcheque.pdf\" target=\"_blank\" rel=\"noopener\"><img loading=\"lazy\" decoding=\"async\" class=\"wp-image-7769 size-medium\" src=\"https:\/\/www.electionseuropeennes.eu\/wp-content\/uploads\/2024\/06\/Czech-214x300.png\" alt=\"\" width=\"214\" height=\"300\" srcset=\"https:\/\/www.electionseuropeennes.eu\/wp-content\/uploads\/2024\/06\/Czech-214x300.png 214w, https:\/\/www.electionseuropeennes.eu\/wp-content\/uploads\/2024\/06\/Czech-730x1024.png 730w, https:\/\/www.electionseuropeennes.eu\/wp-content\/uploads\/2024\/06\/Czech-768x1078.png 768w, https:\/\/www.electionseuropeennes.eu\/wp-content\/uploads\/2024\/06\/Czech-1095x1536.png 1095w, https:\/\/www.electionseuropeennes.eu\/wp-content\/uploads\/2024\/06\/Czech-68x95.png 68w, https:\/\/www.electionseuropeennes.eu\/wp-content\/uploads\/2024\/06\/Czech.png 1116w\" sizes=\"auto, (max-width: 214px) 100vw, 214px\" \/><\/a><figcaption id=\"caption-attachment-7769\" class=\"wp-caption-text\">Download PDF file<\/figcaption><\/figure>\n<p>[\/vc_column_text][\/vc_column][\/vc_row]<\/p>\n<\/section>","protected":false},"excerpt":{"rendered":"<p>[vc_row css=&#8221;.vc_custom_1696150543952{margin-top: 20px !important;margin-bottom: 50px !important;}&#8221;][vc_column][vc_column_text] Czech Republic [\/vc_column_text][vc_column_text] Results of the 2024 European elections &nbsp; List of Czech MEPs &nbsp; Results of the 2019 European elections &nbsp; Electoral Procedures for 2024 &gt; Election Dates : 7 &amp; 8 June 2024 &gt; Number of MEPs:\u00a021 &gt; At what age can one vote?\u00a018 years &gt; At [&hellip;]<\/p>\n","protected":false},"author":1,"featured_media":0,"parent":0,"menu_order":0,"comment_status":"closed","ping_status":"closed","template":"page-templates\/template-home.php","meta":{"_acf_changed":false,"footnotes":""},"class_list":["post-5446","page","type-page","status-publish","hentry"],"acf":[],"_links":{"self":[{"href":"https:\/\/www.electionseuropeennes.eu\/en\/wp-json\/wp\/v2\/pages\/5446","targetHints":{"allow":["GET"]}}],"collection":[{"href":"https:\/\/www.electionseuropeennes.eu\/en\/wp-json\/wp\/v2\/pages"}],"about":[{"href":"https:\/\/www.electionseuropeennes.eu\/en\/wp-json\/wp\/v2\/types\/page"}],"author":[{"embeddable":true,"href":"https:\/\/www.electionseuropeennes.eu\/en\/wp-json\/wp\/v2\/users\/1"}],"replies":[{"embeddable":true,"href":"https:\/\/www.electionseuropeennes.eu\/en\/wp-json\/wp\/v2\/comments?post=5446"}],"version-history":[{"count":16,"href":"https:\/\/www.electionseuropeennes.eu\/en\/wp-json\/wp\/v2\/pages\/5446\/revisions"}],"predecessor-version":[{"id":8050,"href":"https:\/\/www.electionseuropeennes.eu\/en\/wp-json\/wp\/v2\/pages\/5446\/revisions\/8050"}],"wp:attachment":[{"href":"https:\/\/www.electionseuropeennes.eu\/en\/wp-json\/wp\/v2\/media?parent=5446"}],"curies":[{"name":"wp","href":"https:\/\/api.w.org\/{rel}","templated":true}]}}